{"id":8622,"date":"2026-06-23T08:35:16","date_gmt":"2026-06-23T08:35:16","guid":{"rendered":"https:\/\/videllebionatura.it\/?post_type=product&#038;p=8622"},"modified":"2026-07-06T17:52:05","modified_gmt":"2026-07-06T17:52:05","slug":"bio-olivenoel-extra-vergine-mit-mandarinenaroma","status":"publish","type":"product","link":"https:\/\/videllebionatura.it\/de\/prodotto\/bio-olivenoel-extra-vergine-mit-mandarinenaroma\/","title":{"rendered":"Bio-Oliven\u00f6l Extra Vergine mit Mandarinenaroma"},"content":{"rendered":"<div class=\"qMYqUG_convSearchResultHighlightRoot\">\n<div class=\"\" data-turn-id-container=\"request-WEB:57715b29-2e21-4331-a24d-c3dba1e13e04-0\" data-is-intersecting=\"true\">\n<section class=\"text-token-text-primary w-full focus:outline-none has-data-writing-block:pointer-events-none [&amp;:has([data-writing-block])&gt;*]:pointer-events-auto R6Vx5W_threadScrollVars scroll-mb-[calc(var(--scroll-root-safe-area-inset-bottom,0px)+var(--thread-response-height))] scroll-mt-[calc(var(--header-height)+min(200px,max(70px,20svh)))]\" dir=\"auto\" data-turn-id=\"request-WEB:57715b29-2e21-4331-a24d-c3dba1e13e04-0\" data-turn-id-container=\"request-WEB:57715b29-2e21-4331-a24d-c3dba1e13e04-0\" data-testid=\"conversation-turn-2\" data-turn=\"assistant\">\n<div class=\"text-base my-auto mx-auto pb-10 [--thread-content-margin:var(--thread-content-margin-xs,calc(var(--spacing)*4))] @w-sm\/main:[--thread-content-margin:var(--thread-content-margin-sm,calc(var(--spacing)*6))] @w-lg\/main:[--thread-content-margin:var(--thread-content-margin-lg,calc(var(--spacing)*16))] px-(--thread-content-margin)\">\n<div class=\"[--thread-content-max-width:40rem] @w-lg\/main:[--thread-content-max-width:48rem] mx-auto max-w-(--thread-content-max-width) flex-1 group\/turn-messages focus-visible:outline-hidden relative flex w-full min-w-0 flex-col agent-turn\" data-conversation-screenshot-content=\"\">\n<div class=\"flex max-w-full flex-col gap-4 grow\">\n<div class=\"min-h-8 text-message relative flex w-full flex-col items-end gap-2 text-start break-words whitespace-normal outline-none keyboard-focused:focus-ring [.text-message+&amp;]:mt-1\" dir=\"auto\" tabindex=\"0\" data-message-author-role=\"assistant\" data-message-id=\"3e526abb-d367-4cab-820e-8ac7a076bfb8\" data-message-model-slug=\"gpt-5-5\" data-turn-start-message=\"true\">\n<div class=\"flex w-full flex-col gap-1 empty:hidden\">\n<div class=\"markdown prose dark:prose-invert wrap-break-word w-full dark markdown-new-styling\">\n<p class=\"PDq2pG_selectionAnchorContainer\" data-start=\"0\" data-end=\"77\" data-is-last-node=\"\" data-is-only-node=\"\"><strong data-start=\"0\" data-end=\"23\" data-is-only-node=\"\">N\u00c4HRWERTDEKLARATION<\/strong><br data-start=\"23\" data-end=\"26\" \/>Durchschnittliche Werte pro 100 ml des Produkts<\/p>\n<\/div>\n<\/div>\n<\/div>\n<\/div>\n<\/div>\n<\/div>\n<\/section>\n<\/div>\n<\/div>\n<table style=\"border-collapse: collapse; width: 100%;\">\n<thead><\/thead>\n<tbody>\n<tr>\n<td style=\"width: 50%;\">Energie<\/td>\n<td style=\"width: 50%;\">824 kcal \/ 3449 kJ<\/td>\n<\/tr>\n<tr>\n<td style=\"width: 50%;\">Fett<\/td>\n<td style=\"width: 50%;\">91,6 g<\/td>\n<\/tr>\n<tr>\n<td style=\"padding-left: 20px; width: 50%;\">&#8211; davon ges\u00e4ttigte Fetts\u00e4uren<\/td>\n<td style=\"width: 50%;\">14,0 g<\/td>\n<\/tr>\n<tr>\n<td style=\"padding-left: 20px; width: 50%;\">&#8211; davon einfach unges\u00e4ttigte Fetts\u00e4uren<\/td>\n<td style=\"width: 50%;\">70,0 g<\/td>\n<\/tr>\n<tr>\n<td style=\"padding-left: 20px; width: 50%;\">&#8211; davon mehrfach unges\u00e4ttigte Fetts\u00e4uren<\/td>\n<td style=\"width: 50%;\">7,6 g<\/td>\n<\/tr>\n<tr>\n<td style=\"width: 50%;\">Kohlenhydrate<\/td>\n<td style=\"width: 50%;\">0,0 g<\/td>\n<\/tr>\n<tr>\n<td style=\"padding-left: 20px; width: 50%;\">&#8211; davon Zucker<\/td>\n<td style=\"width: 50%;\">0,0 g<\/td>\n<\/tr>\n<tr>\n<td style=\"width: 50%;\">Eiwei\u00df<\/td>\n<td style=\"width: 50%;\">0,0 g<\/td>\n<\/tr>\n<\/tbody>\n<\/table>\n","protected":false},"excerpt":{"rendered":"<div class=\"page\" title=\"Page 11\">\n<div class=\"section\">\n<div class=\"layoutArea\">\n<div class=\"column\">\n<div class=\"page\" title=\"Page 1\">\n<div class=\"section\">\n<div class=\"layoutArea\">\n<div class=\"column\">\n<p class=\"p1\">Eine unerwartete Begegnung zwischen der Sanftheit unseres nativen Bio-Oliven\u00f6ls extra und dem zarten Duft der Mandarine. Eine W\u00fcrze, die das Licht des Mittelmeers und seine gro\u00dfz\u00fcgigsten Fr\u00fcchte in Erinnerung ruft und jedem Gericht Frische und Harmonie verleiht.<\/p>\n<p class=\"p1\">Das Mandarinenaroma entfaltet sich mit s\u00fc\u00dfen und fruchtigen Nuancen, begleitet von einer angenehmen Zitrusfrische, die die Zutaten nicht \u00fcberdeckt, sondern hervorhebt. Das Ergebnis ist ein elegantes und vielseitiges \u00d6l mit einem feinen und zugleich \u00fcberraschenden Charakter.<\/p>\n<p class=\"p1\">Ideal zum Verfeinern von Salaten, Fisch-Carpaccio, Meeresfr\u00fcchten, Avocado und frischem Gem\u00fcse. Auch Obstsalate, Zitrusdesserts und kreative Gerichte erhalten damit eine besondere und originelle Note.<\/p>\n<\/div>\n<\/div>\n<\/div>\n<\/div>\n<\/div>\n<\/div>\n<\/div>\n<\/div>\n","protected":false},"featured_media":8628,"template":"","meta":[],"product_brand":[],"product_cat":[173],"product_tag":[],"class_list":["post-8622","product","type-product","status-publish","has-post-thumbnail","product_cat-aromatisierte-ole","first","instock","taxable","shipping-taxable","purchasable","product-type-simple"],"yoast_head":"<!-- This site is optimized with the Yoast SEO plugin v28.3 - https:\/\/yoast.com\/product\/yoast-seo-wordpress\/ -->\n<title>Bio-Oliven\u00f6l Extra Vergine mit Mandarinenaroma<\/title>\n<meta name=\"description\" content=\"Bio-Oliven\u00f6l Extra Vergine mit Mandarinenaroma Ideal zum Verfeinern von Salaten, Fisch-Carpaccio, Meeresfr\u00fcchten, Avocado und frischem Gem\u00fcse.\" \/>\n<meta name=\"robots\" content=\"index, follow, max-snippet:-1, max-image-preview:large, max-video-preview:-1\" \/>\n<link rel=\"canonical\" href=\"https:\/\/videllebionatura.it\/de\/prodotto\/bio-olivenoel-extra-vergine-mit-mandarinenaroma\/\" \/>\n<meta property=\"og:locale\" content=\"de_DE\" \/>\n<meta property=\"og:type\" content=\"article\" \/>\n<meta property=\"og:title\" content=\"Bio-Oliven\u00f6l Extra Vergine mit Mandarinenaroma\" \/>\n<meta property=\"og:description\" content=\"Bio-Oliven\u00f6l Extra Vergine mit Mandarinenaroma Ideal zum Verfeinern von Salaten, Fisch-Carpaccio, Meeresfr\u00fcchten, Avocado und frischem Gem\u00fcse.\" \/>\n<meta property=\"og:url\" content=\"https:\/\/videllebionatura.it\/de\/prodotto\/bio-olivenoel-extra-vergine-mit-mandarinenaroma\/\" \/>\n<meta property=\"og:site_name\" content=\"Videlle\" \/>\n<meta property=\"article:modified_time\" content=\"2026-07-06T17:52:05+00:00\" \/>\n<meta property=\"og:image\" content=\"https:\/\/videllebionatura.it\/wp-content\/uploads\/2026\/06\/1-14.jpg\" \/>\n\t<meta property=\"og:image:width\" content=\"800\" \/>\n\t<meta property=\"og:image:height\" content=\"1230\" \/>\n\t<meta property=\"og:image:type\" content=\"image\/jpeg\" \/>\n<meta name=\"twitter:card\" content=\"summary_large_image\" \/>\n<meta name=\"twitter:label1\" content=\"Gesch\u00e4tzte Lesezeit\" \/>\n\t<meta name=\"twitter:data1\" content=\"1\u00a0Minute\" \/>\n<script type=\"application\/ld+json\" class=\"yoast-schema-graph\">{\"@context\":\"https:\\\/\\\/schema.org\",\"@graph\":[{\"@type\":\"WebPage\",\"@id\":\"https:\\\/\\\/videllebionatura.it\\\/de\\\/prodotto\\\/bio-olivenoel-extra-vergine-mit-mandarinenaroma\\\/\",\"url\":\"https:\\\/\\\/videllebionatura.it\\\/de\\\/prodotto\\\/bio-olivenoel-extra-vergine-mit-mandarinenaroma\\\/\",\"name\":\"Bio-Oliven\u00f6l Extra Vergine mit Mandarinenaroma\",\"isPartOf\":{\"@id\":\"https:\\\/\\\/videllebionatura.it\\\/de\\\/#website\"},\"primaryImageOfPage\":{\"@id\":\"https:\\\/\\\/videllebionatura.it\\\/de\\\/prodotto\\\/bio-olivenoel-extra-vergine-mit-mandarinenaroma\\\/#primaryimage\"},\"image\":{\"@id\":\"https:\\\/\\\/videllebionatura.it\\\/de\\\/prodotto\\\/bio-olivenoel-extra-vergine-mit-mandarinenaroma\\\/#primaryimage\"},\"thumbnailUrl\":\"https:\\\/\\\/videllebionatura.it\\\/wp-content\\\/uploads\\\/2026\\\/06\\\/1-14.jpg\",\"datePublished\":\"2026-06-23T08:35:16+00:00\",\"dateModified\":\"2026-07-06T17:52:05+00:00\",\"description\":\"Bio-Oliven\u00f6l Extra Vergine mit Mandarinenaroma Ideal zum Verfeinern von Salaten, Fisch-Carpaccio, Meeresfr\u00fcchten, Avocado und frischem Gem\u00fcse.\",\"breadcrumb\":{\"@id\":\"https:\\\/\\\/videllebionatura.it\\\/de\\\/prodotto\\\/bio-olivenoel-extra-vergine-mit-mandarinenaroma\\\/#breadcrumb\"},\"inLanguage\":\"de\",\"potentialAction\":[{\"@type\":\"ReadAction\",\"target\":[\"https:\\\/\\\/videllebionatura.it\\\/de\\\/prodotto\\\/bio-olivenoel-extra-vergine-mit-mandarinenaroma\\\/\"]}]},{\"@type\":\"ImageObject\",\"inLanguage\":\"de\",\"@id\":\"https:\\\/\\\/videllebionatura.it\\\/de\\\/prodotto\\\/bio-olivenoel-extra-vergine-mit-mandarinenaroma\\\/#primaryimage\",\"url\":\"https:\\\/\\\/videllebionatura.it\\\/wp-content\\\/uploads\\\/2026\\\/06\\\/1-14.jpg\",\"contentUrl\":\"https:\\\/\\\/videllebionatura.it\\\/wp-content\\\/uploads\\\/2026\\\/06\\\/1-14.jpg\",\"width\":800,\"height\":1230,\"caption\":\"Olio Extravergine di Oliva Aromatizzato al Mandarino Biologico\"},{\"@type\":\"BreadcrumbList\",\"@id\":\"https:\\\/\\\/videllebionatura.it\\\/de\\\/prodotto\\\/bio-olivenoel-extra-vergine-mit-mandarinenaroma\\\/#breadcrumb\",\"itemListElement\":[{\"@type\":\"ListItem\",\"position\":1,\"name\":\"Home\",\"item\":\"https:\\\/\\\/videllebionatura.it\\\/de\\\/\"},{\"@type\":\"ListItem\",\"position\":2,\"name\":\"Shop\",\"item\":\"https:\\\/\\\/videllebionatura.it\\\/de\\\/negozio\\\/\"},{\"@type\":\"ListItem\",\"position\":3,\"name\":\"Bio-Oliven\u00f6l Extra Vergine mit Mandarinenaroma\"}]},{\"@type\":\"WebSite\",\"@id\":\"https:\\\/\\\/videllebionatura.it\\\/de\\\/#website\",\"url\":\"https:\\\/\\\/videllebionatura.it\\\/de\\\/\",\"name\":\"Videlle\",\"description\":\"\",\"potentialAction\":[{\"@type\":\"SearchAction\",\"target\":{\"@type\":\"EntryPoint\",\"urlTemplate\":\"https:\\\/\\\/videllebionatura.it\\\/de\\\/?s={search_term_string}\"},\"query-input\":{\"@type\":\"PropertyValueSpecification\",\"valueRequired\":true,\"valueName\":\"search_term_string\"}}],\"inLanguage\":\"de\"}]}<\/script>\n<!-- \/ Yoast SEO plugin. -->","yoast_head_json":{"title":"Bio-Oliven\u00f6l Extra Vergine mit Mandarinenaroma","description":"Bio-Oliven\u00f6l Extra Vergine mit Mandarinenaroma Ideal zum Verfeinern von Salaten, Fisch-Carpaccio, Meeresfr\u00fcchten, Avocado und frischem Gem\u00fcse.","robots":{"index":"index","follow":"follow","max-snippet":"max-snippet:-1","max-image-preview":"max-image-preview:large","max-video-preview":"max-video-preview:-1"},"canonical":"https:\/\/videllebionatura.it\/de\/prodotto\/bio-olivenoel-extra-vergine-mit-mandarinenaroma\/","og_locale":"de_DE","og_type":"article","og_title":"Bio-Oliven\u00f6l Extra Vergine mit Mandarinenaroma","og_description":"Bio-Oliven\u00f6l Extra Vergine mit Mandarinenaroma Ideal zum Verfeinern von Salaten, Fisch-Carpaccio, Meeresfr\u00fcchten, Avocado und frischem Gem\u00fcse.","og_url":"https:\/\/videllebionatura.it\/de\/prodotto\/bio-olivenoel-extra-vergine-mit-mandarinenaroma\/","og_site_name":"Videlle","article_modified_time":"2026-07-06T17:52:05+00:00","og_image":[{"width":800,"height":1230,"url":"https:\/\/videllebionatura.it\/wp-content\/uploads\/2026\/06\/1-14.jpg","type":"image\/jpeg"}],"twitter_card":"summary_large_image","twitter_misc":{"Gesch\u00e4tzte Lesezeit":"1\u00a0Minute"},"schema":{"@context":"https:\/\/schema.org","@graph":[{"@type":"WebPage","@id":"https:\/\/videllebionatura.it\/de\/prodotto\/bio-olivenoel-extra-vergine-mit-mandarinenaroma\/","url":"https:\/\/videllebionatura.it\/de\/prodotto\/bio-olivenoel-extra-vergine-mit-mandarinenaroma\/","name":"Bio-Oliven\u00f6l Extra Vergine mit Mandarinenaroma","isPartOf":{"@id":"https:\/\/videllebionatura.it\/de\/#website"},"primaryImageOfPage":{"@id":"https:\/\/videllebionatura.it\/de\/prodotto\/bio-olivenoel-extra-vergine-mit-mandarinenaroma\/#primaryimage"},"image":{"@id":"https:\/\/videllebionatura.it\/de\/prodotto\/bio-olivenoel-extra-vergine-mit-mandarinenaroma\/#primaryimage"},"thumbnailUrl":"https:\/\/videllebionatura.it\/wp-content\/uploads\/2026\/06\/1-14.jpg","datePublished":"2026-06-23T08:35:16+00:00","dateModified":"2026-07-06T17:52:05+00:00","description":"Bio-Oliven\u00f6l Extra Vergine mit Mandarinenaroma Ideal zum Verfeinern von Salaten, Fisch-Carpaccio, Meeresfr\u00fcchten, Avocado und frischem Gem\u00fcse.","breadcrumb":{"@id":"https:\/\/videllebionatura.it\/de\/prodotto\/bio-olivenoel-extra-vergine-mit-mandarinenaroma\/#breadcrumb"},"inLanguage":"de","potentialAction":[{"@type":"ReadAction","target":["https:\/\/videllebionatura.it\/de\/prodotto\/bio-olivenoel-extra-vergine-mit-mandarinenaroma\/"]}]},{"@type":"ImageObject","inLanguage":"de","@id":"https:\/\/videllebionatura.it\/de\/prodotto\/bio-olivenoel-extra-vergine-mit-mandarinenaroma\/#primaryimage","url":"https:\/\/videllebionatura.it\/wp-content\/uploads\/2026\/06\/1-14.jpg","contentUrl":"https:\/\/videllebionatura.it\/wp-content\/uploads\/2026\/06\/1-14.jpg","width":800,"height":1230,"caption":"Olio Extravergine di Oliva Aromatizzato al Mandarino Biologico"},{"@type":"BreadcrumbList","@id":"https:\/\/videllebionatura.it\/de\/prodotto\/bio-olivenoel-extra-vergine-mit-mandarinenaroma\/#breadcrumb","itemListElement":[{"@type":"ListItem","position":1,"name":"Home","item":"https:\/\/videllebionatura.it\/de\/"},{"@type":"ListItem","position":2,"name":"Shop","item":"https:\/\/videllebionatura.it\/de\/negozio\/"},{"@type":"ListItem","position":3,"name":"Bio-Oliven\u00f6l Extra Vergine mit Mandarinenaroma"}]},{"@type":"WebSite","@id":"https:\/\/videllebionatura.it\/de\/#website","url":"https:\/\/videllebionatura.it\/de\/","name":"Videlle","description":"","potentialAction":[{"@type":"SearchAction","target":{"@type":"EntryPoint","urlTemplate":"https:\/\/videllebionatura.it\/de\/?s={search_term_string}"},"query-input":{"@type":"PropertyValueSpecification","valueRequired":true,"valueName":"search_term_string"}}],"inLanguage":"de"}]}},"_links":{"self":[{"href":"https:\/\/videllebionatura.it\/de\/wp-json\/wp\/v2\/product\/8622","targetHints":{"allow":["GET"]}}],"collection":[{"href":"https:\/\/videllebionatura.it\/de\/wp-json\/wp\/v2\/product"}],"about":[{"href":"https:\/\/videllebionatura.it\/de\/wp-json\/wp\/v2\/types\/product"}],"version-history":[{"count":4,"href":"https:\/\/videllebionatura.it\/de\/wp-json\/wp\/v2\/product\/8622\/revisions"}],"predecessor-version":[{"id":8708,"href":"https:\/\/videllebionatura.it\/de\/wp-json\/wp\/v2\/product\/8622\/revisions\/8708"}],"wp:featuredmedia":[{"embeddable":true,"href":"https:\/\/videllebionatura.it\/de\/wp-json\/wp\/v2\/media\/8628"}],"wp:attachment":[{"href":"https:\/\/videllebionatura.it\/de\/wp-json\/wp\/v2\/media?parent=8622"}],"wp:term":[{"taxonomy":"product_brand","embeddable":true,"href":"https:\/\/videllebionatura.it\/de\/wp-json\/wp\/v2\/product_brand?post=8622"},{"taxonomy":"product_cat","embeddable":true,"href":"https:\/\/videllebionatura.it\/de\/wp-json\/wp\/v2\/product_cat?post=8622"},{"taxonomy":"product_tag","embeddable":true,"href":"https:\/\/videllebionatura.it\/de\/wp-json\/wp\/v2\/product_tag?post=8622"}],"curies":[{"name":"wp","href":"https:\/\/api.w.org\/{rel}","templated":true}]}}