{"id":7284,"date":"2025-07-08T09:22:07","date_gmt":"2025-07-08T09:22:07","guid":{"rendered":"https:\/\/videllebionatura.it\/prodotto\/balsamico-essig-mit-trueffel-100-ml\/"},"modified":"2025-11-19T10:03:08","modified_gmt":"2025-11-19T10:03:08","slug":"balsamico-essig-mit-trueffel-100-ml","status":"publish","type":"product","link":"https:\/\/videllebionatura.it\/de\/prodotto\/balsamico-essig-mit-trueffel-100-ml\/","title":{"rendered":"Balsamico-Essig mit Tr\u00fcffel 100 ml"},"content":{"rendered":"","protected":false},"excerpt":{"rendered":"<p>Der aromatisierte Balsamico-Essig mit Tr\u00fcffel ist das Ergebnis einer wunderbaren Verbindung von in Eichenf\u00e4ssern gereiftem Balsamico-Essig und Tr\u00fcffel.<\/p>\n<p>Eigenschaften<br \/>\nIm Aussehen dicht und dunkelbraun. In der Nase ein verf\u00fchrerisches, s\u00fc\u00dfes und angenehmes Tr\u00fcffelaroma. Am Gaumen voll, rund und harmonisch mit einer leichten S\u00e4urenote, die Frische und Klarheit verleiht.<\/p>\n<p>Zutaten<br \/>\nGekochter Most, Wein-Essig, Balsamico-Essig aus Modena (IGP) und Tr\u00fcffel.<\/p>\n<p>Empfohlene Kombinationen<br \/>\nFleisch, Eier, K\u00e4se und Kartoffeln.<\/p>\n[embed]https:\/\/youtu.be\/YcwXLYr2p1s[\/embed]\n","protected":false},"featured_media":8442,"template":"","meta":[],"product_brand":[],"product_cat":[171],"product_tag":[],"class_list":["post-7284","product","type-product","status-publish","has-post-thumbnail","product_cat-balsamico-essige","first","instock","taxable","shipping-taxable","purchasable","product-type-simple"],"yoast_head":"<!-- This site is optimized with the Yoast SEO plugin v28.3 - https:\/\/yoast.com\/product\/yoast-seo-wordpress\/ -->\n<title>Balsamico-Essig mit Tr\u00fcffel 100 ml - Videlle<\/title>\n<meta name=\"robots\" content=\"index, follow, max-snippet:-1, max-image-preview:large, max-video-preview:-1\" \/>\n<link rel=\"canonical\" href=\"https:\/\/videllebionatura.it\/de\/prodotto\/balsamico-essig-mit-trueffel-100-ml\/\" \/>\n<meta property=\"og:locale\" content=\"de_DE\" \/>\n<meta property=\"og:type\" content=\"article\" \/>\n<meta property=\"og:title\" content=\"Balsamico-Essig mit Tr\u00fcffel 100 ml - Videlle\" \/>\n<meta property=\"og:description\" content=\"Der aromatisierte Balsamico-Essig mit Tr\u00fcffel ist das Ergebnis einer wunderbaren Verbindung von in Eichenf\u00e4ssern gereiftem Balsamico-Essig und Tr\u00fcffel.  Eigenschaften Im Aussehen dicht und dunkelbraun. In der Nase ein verf\u00fchrerisches, s\u00fc\u00dfes und angenehmes Tr\u00fcffelaroma. Am Gaumen voll, rund und harmonisch mit einer leichten S\u00e4urenote, die Frische und Klarheit verleiht.  Zutaten Gekochter Most, Wein-Essig, Balsamico-Essig aus Modena (IGP) und Tr\u00fcffel.  Empfohlene Kombinationen Fleisch, Eier, K\u00e4se und Kartoffeln.\" \/>\n<meta property=\"og:url\" content=\"https:\/\/videllebionatura.it\/de\/prodotto\/balsamico-essig-mit-trueffel-100-ml\/\" \/>\n<meta property=\"og:site_name\" content=\"Videlle\" \/>\n<meta property=\"article:modified_time\" content=\"2025-11-19T10:03:08+00:00\" \/>\n<meta property=\"og:image\" content=\"https:\/\/videllebionatura.it\/wp-content\/uploads\/2026\/06\/tartufo-fronte.jpg\" \/>\n\t<meta property=\"og:image:width\" content=\"800\" \/>\n\t<meta property=\"og:image:height\" content=\"1230\" \/>\n\t<meta property=\"og:image:type\" content=\"image\/jpeg\" \/>\n<meta name=\"twitter:card\" content=\"summary_large_image\" \/>\n<script type=\"application\/ld+json\" class=\"yoast-schema-graph\">{\"@context\":\"https:\\\/\\\/schema.org\",\"@graph\":[{\"@type\":\"WebPage\",\"@id\":\"https:\\\/\\\/videllebionatura.it\\\/de\\\/prodotto\\\/balsamico-essig-mit-trueffel-100-ml\\\/\",\"url\":\"https:\\\/\\\/videllebionatura.it\\\/de\\\/prodotto\\\/balsamico-essig-mit-trueffel-100-ml\\\/\",\"name\":\"Balsamico-Essig mit Tr\u00fcffel 100 ml - Videlle\",\"isPartOf\":{\"@id\":\"https:\\\/\\\/videllebionatura.it\\\/de\\\/#website\"},\"primaryImageOfPage\":{\"@id\":\"https:\\\/\\\/videllebionatura.it\\\/de\\\/prodotto\\\/balsamico-essig-mit-trueffel-100-ml\\\/#primaryimage\"},\"image\":{\"@id\":\"https:\\\/\\\/videllebionatura.it\\\/de\\\/prodotto\\\/balsamico-essig-mit-trueffel-100-ml\\\/#primaryimage\"},\"thumbnailUrl\":\"https:\\\/\\\/videllebionatura.it\\\/wp-content\\\/uploads\\\/2026\\\/06\\\/tartufo-fronte.jpg\",\"datePublished\":\"2025-07-08T09:22:07+00:00\",\"dateModified\":\"2025-11-19T10:03:08+00:00\",\"breadcrumb\":{\"@id\":\"https:\\\/\\\/videllebionatura.it\\\/de\\\/prodotto\\\/balsamico-essig-mit-trueffel-100-ml\\\/#breadcrumb\"},\"inLanguage\":\"de\",\"potentialAction\":[{\"@type\":\"ReadAction\",\"target\":[\"https:\\\/\\\/videllebionatura.it\\\/de\\\/prodotto\\\/balsamico-essig-mit-trueffel-100-ml\\\/\"]}]},{\"@type\":\"ImageObject\",\"inLanguage\":\"de\",\"@id\":\"https:\\\/\\\/videllebionatura.it\\\/de\\\/prodotto\\\/balsamico-essig-mit-trueffel-100-ml\\\/#primaryimage\",\"url\":\"https:\\\/\\\/videllebionatura.it\\\/wp-content\\\/uploads\\\/2026\\\/06\\\/tartufo-fronte.jpg\",\"contentUrl\":\"https:\\\/\\\/videllebionatura.it\\\/wp-content\\\/uploads\\\/2026\\\/06\\\/tartufo-fronte.jpg\",\"width\":800,\"height\":1230},{\"@type\":\"BreadcrumbList\",\"@id\":\"https:\\\/\\\/videllebionatura.it\\\/de\\\/prodotto\\\/balsamico-essig-mit-trueffel-100-ml\\\/#breadcrumb\",\"itemListElement\":[{\"@type\":\"ListItem\",\"position\":1,\"name\":\"Home\",\"item\":\"https:\\\/\\\/videllebionatura.it\\\/de\\\/\"},{\"@type\":\"ListItem\",\"position\":2,\"name\":\"Shop\",\"item\":\"https:\\\/\\\/videllebionatura.it\\\/de\\\/negozio\\\/\"},{\"@type\":\"ListItem\",\"position\":3,\"name\":\"Balsamico-Essig mit Tr\u00fcffel 100 ml\"}]},{\"@type\":\"WebSite\",\"@id\":\"https:\\\/\\\/videllebionatura.it\\\/de\\\/#website\",\"url\":\"https:\\\/\\\/videllebionatura.it\\\/de\\\/\",\"name\":\"Videlle\",\"description\":\"\",\"potentialAction\":[{\"@type\":\"SearchAction\",\"target\":{\"@type\":\"EntryPoint\",\"urlTemplate\":\"https:\\\/\\\/videllebionatura.it\\\/de\\\/?s={search_term_string}\"},\"query-input\":{\"@type\":\"PropertyValueSpecification\",\"valueRequired\":true,\"valueName\":\"search_term_string\"}}],\"inLanguage\":\"de\"}]}<\/script>\n<!-- \/ Yoast SEO plugin. -->","yoast_head_json":{"title":"Balsamico-Essig mit Tr\u00fcffel 100 ml - Videlle","robots":{"index":"index","follow":"follow","max-snippet":"max-snippet:-1","max-image-preview":"max-image-preview:large","max-video-preview":"max-video-preview:-1"},"canonical":"https:\/\/videllebionatura.it\/de\/prodotto\/balsamico-essig-mit-trueffel-100-ml\/","og_locale":"de_DE","og_type":"article","og_title":"Balsamico-Essig mit Tr\u00fcffel 100 ml - Videlle","og_description":"Der aromatisierte Balsamico-Essig mit Tr\u00fcffel ist das Ergebnis einer wunderbaren Verbindung von in Eichenf\u00e4ssern gereiftem Balsamico-Essig und Tr\u00fcffel.  Eigenschaften Im Aussehen dicht und dunkelbraun. In der Nase ein verf\u00fchrerisches, s\u00fc\u00dfes und angenehmes Tr\u00fcffelaroma. Am Gaumen voll, rund und harmonisch mit einer leichten S\u00e4urenote, die Frische und Klarheit verleiht.  Zutaten Gekochter Most, Wein-Essig, Balsamico-Essig aus Modena (IGP) und Tr\u00fcffel.  Empfohlene Kombinationen Fleisch, Eier, K\u00e4se und Kartoffeln.","og_url":"https:\/\/videllebionatura.it\/de\/prodotto\/balsamico-essig-mit-trueffel-100-ml\/","og_site_name":"Videlle","article_modified_time":"2025-11-19T10:03:08+00:00","og_image":[{"width":800,"height":1230,"url":"https:\/\/videllebionatura.it\/wp-content\/uploads\/2026\/06\/tartufo-fronte.jpg","type":"image\/jpeg"}],"twitter_card":"summary_large_image","schema":{"@context":"https:\/\/schema.org","@graph":[{"@type":"WebPage","@id":"https:\/\/videllebionatura.it\/de\/prodotto\/balsamico-essig-mit-trueffel-100-ml\/","url":"https:\/\/videllebionatura.it\/de\/prodotto\/balsamico-essig-mit-trueffel-100-ml\/","name":"Balsamico-Essig mit Tr\u00fcffel 100 ml - Videlle","isPartOf":{"@id":"https:\/\/videllebionatura.it\/de\/#website"},"primaryImageOfPage":{"@id":"https:\/\/videllebionatura.it\/de\/prodotto\/balsamico-essig-mit-trueffel-100-ml\/#primaryimage"},"image":{"@id":"https:\/\/videllebionatura.it\/de\/prodotto\/balsamico-essig-mit-trueffel-100-ml\/#primaryimage"},"thumbnailUrl":"https:\/\/videllebionatura.it\/wp-content\/uploads\/2026\/06\/tartufo-fronte.jpg","datePublished":"2025-07-08T09:22:07+00:00","dateModified":"2025-11-19T10:03:08+00:00","breadcrumb":{"@id":"https:\/\/videllebionatura.it\/de\/prodotto\/balsamico-essig-mit-trueffel-100-ml\/#breadcrumb"},"inLanguage":"de","potentialAction":[{"@type":"ReadAction","target":["https:\/\/videllebionatura.it\/de\/prodotto\/balsamico-essig-mit-trueffel-100-ml\/"]}]},{"@type":"ImageObject","inLanguage":"de","@id":"https:\/\/videllebionatura.it\/de\/prodotto\/balsamico-essig-mit-trueffel-100-ml\/#primaryimage","url":"https:\/\/videllebionatura.it\/wp-content\/uploads\/2026\/06\/tartufo-fronte.jpg","contentUrl":"https:\/\/videllebionatura.it\/wp-content\/uploads\/2026\/06\/tartufo-fronte.jpg","width":800,"height":1230},{"@type":"BreadcrumbList","@id":"https:\/\/videllebionatura.it\/de\/prodotto\/balsamico-essig-mit-trueffel-100-ml\/#breadcrumb","itemListElement":[{"@type":"ListItem","position":1,"name":"Home","item":"https:\/\/videllebionatura.it\/de\/"},{"@type":"ListItem","position":2,"name":"Shop","item":"https:\/\/videllebionatura.it\/de\/negozio\/"},{"@type":"ListItem","position":3,"name":"Balsamico-Essig mit Tr\u00fcffel 100 ml"}]},{"@type":"WebSite","@id":"https:\/\/videllebionatura.it\/de\/#website","url":"https:\/\/videllebionatura.it\/de\/","name":"Videlle","description":"","potentialAction":[{"@type":"SearchAction","target":{"@type":"EntryPoint","urlTemplate":"https:\/\/videllebionatura.it\/de\/?s={search_term_string}"},"query-input":{"@type":"PropertyValueSpecification","valueRequired":true,"valueName":"search_term_string"}}],"inLanguage":"de"}]}},"_links":{"self":[{"href":"https:\/\/videllebionatura.it\/de\/wp-json\/wp\/v2\/product\/7284","targetHints":{"allow":["GET"]}}],"collection":[{"href":"https:\/\/videllebionatura.it\/de\/wp-json\/wp\/v2\/product"}],"about":[{"href":"https:\/\/videllebionatura.it\/de\/wp-json\/wp\/v2\/types\/product"}],"version-history":[{"count":1,"href":"https:\/\/videllebionatura.it\/de\/wp-json\/wp\/v2\/product\/7284\/revisions"}],"predecessor-version":[{"id":7307,"href":"https:\/\/videllebionatura.it\/de\/wp-json\/wp\/v2\/product\/7284\/revisions\/7307"}],"wp:featuredmedia":[{"embeddable":true,"href":"https:\/\/videllebionatura.it\/de\/wp-json\/wp\/v2\/media\/8442"}],"wp:attachment":[{"href":"https:\/\/videllebionatura.it\/de\/wp-json\/wp\/v2\/media?parent=7284"}],"wp:term":[{"taxonomy":"product_brand","embeddable":true,"href":"https:\/\/videllebionatura.it\/de\/wp-json\/wp\/v2\/product_brand?post=7284"},{"taxonomy":"product_cat","embeddable":true,"href":"https:\/\/videllebionatura.it\/de\/wp-json\/wp\/v2\/product_cat?post=7284"},{"taxonomy":"product_tag","embeddable":true,"href":"https:\/\/videllebionatura.it\/de\/wp-json\/wp\/v2\/product_tag?post=7284"}],"curies":[{"name":"wp","href":"https:\/\/api.w.org\/{rel}","templated":true}]}}