{"id":6927,"date":"2025-06-07T15:05:22","date_gmt":"2025-06-07T15:05:22","guid":{"rendered":"https:\/\/videllebionatura.it\/prodotto\/biologisches-monokultivar-gargna-natives-olivenoel-extra\/"},"modified":"2026-06-09T16:04:22","modified_gmt":"2026-06-09T16:04:22","slug":"biologisches-monokultivar-gargna-natives-olivenoel-extra","status":"publish","type":"product","link":"https:\/\/videllebionatura.it\/de\/prodotto\/biologisches-monokultivar-gargna-natives-olivenoel-extra\/","title":{"rendered":"Biologisches Monokultivar Gargn\u00e0 Natives Oliven\u00f6l Extra"},"content":{"rendered":"<table style=\"border-collapse: collapse; width: 100%;\">\n<thead>\n<tr>\n<th style=\"text-align: left; padding: 6px 0; font-weight: bold;\" colspan=\"2\">N\u00c4HRWERTDEKLARATION<br \/>\n<span style=\"font-weight: normal;\">Durchschnittliche Werte pro 100 ml Produkt<\/span><\/th>\n<\/tr>\n<\/thead>\n<tbody>\n<tr>\n<td style=\"width: 50%;\">Energie<\/td>\n<td style=\"width: 50%;\">824 kcal \/ 3389 kJ<\/td>\n<\/tr>\n<tr>\n<td style=\"width: 50%;\">Fett<\/td>\n<td style=\"width: 50%;\">91,6 g<\/td>\n<\/tr>\n<tr>\n<td style=\"padding-left: 20px; width: 50%;\">&#8211; davon ges\u00e4ttigte Fetts\u00e4uren<\/td>\n<td style=\"width: 50%;\">14,0 g<\/td>\n<\/tr>\n<tr>\n<td style=\"padding-left: 20px; width: 50%;\">&#8211; davon einfach unges\u00e4ttigte Fetts\u00e4uren<\/td>\n<td style=\"width: 50%;\">70,0 g<\/td>\n<\/tr>\n<tr>\n<td style=\"padding-left: 20px; width: 50%;\">&#8211; davon mehrfach unges\u00e4ttigte Fetts\u00e4uren<\/td>\n<td style=\"width: 50%;\">7,6 g<\/td>\n<\/tr>\n<tr>\n<td style=\"width: 50%;\">Kohlenhydrate<\/td>\n<td style=\"width: 50%;\">0,0 g<\/td>\n<\/tr>\n<tr>\n<td style=\"padding-left: 20px; width: 50%;\">&#8211; davon Zucker<\/td>\n<td style=\"width: 50%;\">0,0 g<\/td>\n<\/tr>\n<tr>\n<td style=\"width: 50%;\">Proteine<\/td>\n<td style=\"width: 50%;\">0,0 g<\/td>\n<\/tr>\n<\/tbody>\n<\/table>\n","protected":false},"excerpt":{"rendered":"<p><strong>Preistr\u00e4ger:<\/strong><\/p>\n<ul>\n<li><a href=\"https:\/\/videllebionatura.it\/de\/unternehmen-in-der-slow-food-natives-olivenol-extra-fuhrung-2026-erwahnt-7\/\"><strong>BIOL 2025 &#8211; EXTRA GOLD<\/strong><\/a><\/li>\n<li><a href=\"https:\/\/videllebionatura.it\/de\/unternehmen-in-der-slow-food-natives-olivenol-extra-fuhrung-2026-erwahnt-2\/\"><strong>Gambero Rosso 2025<\/strong><\/a><\/li>\n<li><strong><a href=\"https:\/\/videllebionatura.it\/de\/unternehmen-in-der-slow-food-natives-olivenol-extra-fuhrung-2026-erwahnt-8\/\">BIOL 2026 &#8211; EXTRA GOLD<\/a><\/strong><\/li>\n<\/ul>\n<p>Das Gargn\u00e0 Natives Oliven\u00f6l Extra stammt von einer autochthonen Olivensorte von au\u00dfergew\u00f6hnlicher Gr\u00f6\u00dfe, die sich durch ihren majest\u00e4tischen Stamm und ihre Verzweigungen auszeichnet. Das aus dieser hochwertigen Sorte gewonnene Oliven\u00f6l ist ein wahres sensorisches Meisterwerk.<\/p>\n<p>Die olfaktorischen Noten dieses \u00d6ls sind intensiv fruchtig, mit einem Duft, der an frisches Gras und gr\u00fcne Banane erinnert. Seine aromatische Komplexit\u00e4t entfaltet sich auf umh\u00fcllende Weise und bietet ein einzigartiges und befriedigendes Dufterlebnis.<\/p>\n<p>Geschmacklich zeichnet sich das Gargn\u00e0 Natives Oliven\u00f6l Extra durch seinen ausgepr\u00e4gten Charakter aus, begleitet von einer \u00fcberraschend intensiven Sch\u00e4rfe. Diese charakteristische Sch\u00e4rfe \u00fcberwiegt den anf\u00e4nglichen s\u00fc\u00dfen Geschmack, der typisch f\u00fcr \u00d6le vom Gardasee ist, und verleiht dem \u00d6l ein einzigartiges und unvergessliches Geschmacksprofil.<\/p>\n<p>Wir empfehlen die Verwendung dieses au\u00dfergew\u00f6hnlichen \u00d6ls besonders f\u00fcr hochwertige Gerichte, insbesondere solche mit kr\u00e4ftigen Geschmacksnoten wie rotes Fleisch. Seine Intensit\u00e4t und aromatische Komplexit\u00e4t machen es zum idealen Begleiter, um die Aromen gehaltvoller und reichhaltiger Gerichte zu unterstreichen.<\/p>\n[embed]https:\/\/youtu.be\/I_3fmDisHFs[\/embed]\n","protected":false},"featured_media":8760,"template":"","meta":[],"product_brand":[],"product_cat":[167],"product_tag":[],"class_list":["post-6927","product","type-product","status-publish","has-post-thumbnail","product_cat-sortenreine-ole","first","instock","taxable","shipping-taxable","purchasable","product-type-variable"],"yoast_head":"<!-- This site is optimized with the Yoast SEO plugin v28.4 - https:\/\/yoast.com\/product\/yoast-seo-wordpress\/ -->\n<title>Biologisches Monokultivar Gargn\u00e0 Natives Oliven\u00f6l Extra - Videlle<\/title>\n<meta name=\"robots\" content=\"index, follow, max-snippet:-1, max-image-preview:large, max-video-preview:-1\" \/>\n<link rel=\"canonical\" href=\"https:\/\/videllebionatura.it\/de\/prodotto\/biologisches-monokultivar-gargna-natives-olivenoel-extra\/\" \/>\n<meta property=\"og:locale\" content=\"de_DE\" \/>\n<meta property=\"og:type\" content=\"article\" \/>\n<meta property=\"og:title\" content=\"Biologisches Monokultivar Gargn\u00e0 Natives Oliven\u00f6l Extra - Videlle\" \/>\n<meta property=\"og:description\" content=\"Preistr\u00e4ger:   BIOL 2025 - EXTRA GOLD  Gambero Rosso 2025  BIOL 2026 - EXTRA GOLD  Das Gargn\u00e0 Natives Oliven\u00f6l Extra stammt von einer autochthonen Olivensorte von au\u00dfergew\u00f6hnlicher Gr\u00f6\u00dfe, die sich durch ihren majest\u00e4tischen Stamm und ihre Verzweigungen auszeichnet. Das aus dieser hochwertigen Sorte gewonnene Oliven\u00f6l ist ein wahres sensorisches Meisterwerk.  Die olfaktorischen Noten dieses \u00d6ls sind intensiv fruchtig, mit einem Duft, der an frisches Gras und gr\u00fcne Banane erinnert. Seine aromatische Komplexit\u00e4t entfaltet sich auf umh\u00fcllende Weise und bietet ein einzigartiges und befriedigendes Dufterlebnis.  Geschmacklich zeichnet sich das Gargn\u00e0 Natives Oliven\u00f6l Extra durch seinen ausgepr\u00e4gten Charakter aus, begleitet von einer \u00fcberraschend intensiven Sch\u00e4rfe. Diese charakteristische Sch\u00e4rfe \u00fcberwiegt den anf\u00e4nglichen s\u00fc\u00dfen Geschmack, der typisch f\u00fcr \u00d6le vom Gardasee ist, und verleiht dem \u00d6l ein einzigartiges und unvergessliches Geschmacksprofil.  Wir empfehlen die Verwendung dieses au\u00dfergew\u00f6hnlichen \u00d6ls besonders f\u00fcr hochwertige Gerichte, insbesondere solche mit kr\u00e4ftigen Geschmacksnoten wie rotes Fleisch. Seine Intensit\u00e4t und aromatische Komplexit\u00e4t machen es zum idealen Begleiter, um die Aromen gehaltvoller und reichhaltiger Gerichte zu unterstreichen.\" \/>\n<meta property=\"og:url\" content=\"https:\/\/videllebionatura.it\/de\/prodotto\/biologisches-monokultivar-gargna-natives-olivenoel-extra\/\" \/>\n<meta property=\"og:site_name\" content=\"Videlle\" \/>\n<meta property=\"article:modified_time\" content=\"2026-06-09T16:04:22+00:00\" \/>\n<meta property=\"og:image\" content=\"https:\/\/videllebionatura.it\/wp-content\/uploads\/2025\/06\/Garagna_fronte.jpg\" \/>\n\t<meta property=\"og:image:width\" content=\"800\" \/>\n\t<meta property=\"og:image:height\" content=\"1230\" \/>\n\t<meta property=\"og:image:type\" content=\"image\/jpeg\" \/>\n<meta name=\"twitter:card\" content=\"summary_large_image\" \/>\n<meta name=\"twitter:label1\" content=\"Gesch\u00e4tzte Lesezeit\" \/>\n\t<meta name=\"twitter:data1\" content=\"1\u00a0Minute\" \/>\n<script type=\"application\/ld+json\" class=\"yoast-schema-graph\">{\"@context\":\"https:\\\/\\\/schema.org\",\"@graph\":[{\"@type\":\"WebPage\",\"@id\":\"https:\\\/\\\/videllebionatura.it\\\/de\\\/prodotto\\\/biologisches-monokultivar-gargna-natives-olivenoel-extra\\\/\",\"url\":\"https:\\\/\\\/videllebionatura.it\\\/de\\\/prodotto\\\/biologisches-monokultivar-gargna-natives-olivenoel-extra\\\/\",\"name\":\"Biologisches Monokultivar Gargn\u00e0 Natives Oliven\u00f6l Extra - Videlle\",\"isPartOf\":{\"@id\":\"https:\\\/\\\/videllebionatura.it\\\/de\\\/#website\"},\"primaryImageOfPage\":{\"@id\":\"https:\\\/\\\/videllebionatura.it\\\/de\\\/prodotto\\\/biologisches-monokultivar-gargna-natives-olivenoel-extra\\\/#primaryimage\"},\"image\":{\"@id\":\"https:\\\/\\\/videllebionatura.it\\\/de\\\/prodotto\\\/biologisches-monokultivar-gargna-natives-olivenoel-extra\\\/#primaryimage\"},\"thumbnailUrl\":\"https:\\\/\\\/videllebionatura.it\\\/wp-content\\\/uploads\\\/2026\\\/07\\\/gargna.jpg\",\"datePublished\":\"2025-06-07T15:05:22+00:00\",\"dateModified\":\"2026-06-09T16:04:22+00:00\",\"breadcrumb\":{\"@id\":\"https:\\\/\\\/videllebionatura.it\\\/de\\\/prodotto\\\/biologisches-monokultivar-gargna-natives-olivenoel-extra\\\/#breadcrumb\"},\"inLanguage\":\"de\",\"potentialAction\":[{\"@type\":\"ReadAction\",\"target\":[\"https:\\\/\\\/videllebionatura.it\\\/de\\\/prodotto\\\/biologisches-monokultivar-gargna-natives-olivenoel-extra\\\/\"]}]},{\"@type\":\"ImageObject\",\"inLanguage\":\"de\",\"@id\":\"https:\\\/\\\/videllebionatura.it\\\/de\\\/prodotto\\\/biologisches-monokultivar-gargna-natives-olivenoel-extra\\\/#primaryimage\",\"url\":\"https:\\\/\\\/videllebionatura.it\\\/wp-content\\\/uploads\\\/2026\\\/07\\\/gargna.jpg\",\"contentUrl\":\"https:\\\/\\\/videllebionatura.it\\\/wp-content\\\/uploads\\\/2026\\\/07\\\/gargna.jpg\",\"width\":800,\"height\":1230},{\"@type\":\"BreadcrumbList\",\"@id\":\"https:\\\/\\\/videllebionatura.it\\\/de\\\/prodotto\\\/biologisches-monokultivar-gargna-natives-olivenoel-extra\\\/#breadcrumb\",\"itemListElement\":[{\"@type\":\"ListItem\",\"position\":1,\"name\":\"Home\",\"item\":\"https:\\\/\\\/videllebionatura.it\\\/de\\\/\"},{\"@type\":\"ListItem\",\"position\":2,\"name\":\"Shop\",\"item\":\"https:\\\/\\\/videllebionatura.it\\\/de\\\/negozio\\\/\"},{\"@type\":\"ListItem\",\"position\":3,\"name\":\"Biologisches Monokultivar Gargn\u00e0 Natives Oliven\u00f6l Extra\"}]},{\"@type\":\"WebSite\",\"@id\":\"https:\\\/\\\/videllebionatura.it\\\/de\\\/#website\",\"url\":\"https:\\\/\\\/videllebionatura.it\\\/de\\\/\",\"name\":\"Videlle\",\"description\":\"\",\"potentialAction\":[{\"@type\":\"SearchAction\",\"target\":{\"@type\":\"EntryPoint\",\"urlTemplate\":\"https:\\\/\\\/videllebionatura.it\\\/de\\\/?s={search_term_string}\"},\"query-input\":{\"@type\":\"PropertyValueSpecification\",\"valueRequired\":true,\"valueName\":\"search_term_string\"}}],\"inLanguage\":\"de\"}]}<\/script>\n<!-- \/ Yoast SEO plugin. -->","yoast_head_json":{"title":"Biologisches Monokultivar Gargn\u00e0 Natives Oliven\u00f6l Extra - Videlle","robots":{"index":"index","follow":"follow","max-snippet":"max-snippet:-1","max-image-preview":"max-image-preview:large","max-video-preview":"max-video-preview:-1"},"canonical":"https:\/\/videllebionatura.it\/de\/prodotto\/biologisches-monokultivar-gargna-natives-olivenoel-extra\/","og_locale":"de_DE","og_type":"article","og_title":"Biologisches Monokultivar Gargn\u00e0 Natives Oliven\u00f6l Extra - Videlle","og_description":"Preistr\u00e4ger:   BIOL 2025 - EXTRA GOLD  Gambero Rosso 2025  BIOL 2026 - EXTRA GOLD  Das Gargn\u00e0 Natives Oliven\u00f6l Extra stammt von einer autochthonen Olivensorte von au\u00dfergew\u00f6hnlicher Gr\u00f6\u00dfe, die sich durch ihren majest\u00e4tischen Stamm und ihre Verzweigungen auszeichnet. Das aus dieser hochwertigen Sorte gewonnene Oliven\u00f6l ist ein wahres sensorisches Meisterwerk.  Die olfaktorischen Noten dieses \u00d6ls sind intensiv fruchtig, mit einem Duft, der an frisches Gras und gr\u00fcne Banane erinnert. Seine aromatische Komplexit\u00e4t entfaltet sich auf umh\u00fcllende Weise und bietet ein einzigartiges und befriedigendes Dufterlebnis.  Geschmacklich zeichnet sich das Gargn\u00e0 Natives Oliven\u00f6l Extra durch seinen ausgepr\u00e4gten Charakter aus, begleitet von einer \u00fcberraschend intensiven Sch\u00e4rfe. Diese charakteristische Sch\u00e4rfe \u00fcberwiegt den anf\u00e4nglichen s\u00fc\u00dfen Geschmack, der typisch f\u00fcr \u00d6le vom Gardasee ist, und verleiht dem \u00d6l ein einzigartiges und unvergessliches Geschmacksprofil.  Wir empfehlen die Verwendung dieses au\u00dfergew\u00f6hnlichen \u00d6ls besonders f\u00fcr hochwertige Gerichte, insbesondere solche mit kr\u00e4ftigen Geschmacksnoten wie rotes Fleisch. Seine Intensit\u00e4t und aromatische Komplexit\u00e4t machen es zum idealen Begleiter, um die Aromen gehaltvoller und reichhaltiger Gerichte zu unterstreichen.","og_url":"https:\/\/videllebionatura.it\/de\/prodotto\/biologisches-monokultivar-gargna-natives-olivenoel-extra\/","og_site_name":"Videlle","article_modified_time":"2026-06-09T16:04:22+00:00","og_image":[{"width":800,"height":1230,"url":"https:\/\/videllebionatura.it\/wp-content\/uploads\/2025\/06\/Garagna_fronte.jpg","type":"image\/jpeg"}],"twitter_card":"summary_large_image","twitter_misc":{"Gesch\u00e4tzte Lesezeit":"1\u00a0Minute"},"schema":{"@context":"https:\/\/schema.org","@graph":[{"@type":"WebPage","@id":"https:\/\/videllebionatura.it\/de\/prodotto\/biologisches-monokultivar-gargna-natives-olivenoel-extra\/","url":"https:\/\/videllebionatura.it\/de\/prodotto\/biologisches-monokultivar-gargna-natives-olivenoel-extra\/","name":"Biologisches Monokultivar Gargn\u00e0 Natives Oliven\u00f6l Extra - Videlle","isPartOf":{"@id":"https:\/\/videllebionatura.it\/de\/#website"},"primaryImageOfPage":{"@id":"https:\/\/videllebionatura.it\/de\/prodotto\/biologisches-monokultivar-gargna-natives-olivenoel-extra\/#primaryimage"},"image":{"@id":"https:\/\/videllebionatura.it\/de\/prodotto\/biologisches-monokultivar-gargna-natives-olivenoel-extra\/#primaryimage"},"thumbnailUrl":"https:\/\/videllebionatura.it\/wp-content\/uploads\/2026\/07\/gargna.jpg","datePublished":"2025-06-07T15:05:22+00:00","dateModified":"2026-06-09T16:04:22+00:00","breadcrumb":{"@id":"https:\/\/videllebionatura.it\/de\/prodotto\/biologisches-monokultivar-gargna-natives-olivenoel-extra\/#breadcrumb"},"inLanguage":"de","potentialAction":[{"@type":"ReadAction","target":["https:\/\/videllebionatura.it\/de\/prodotto\/biologisches-monokultivar-gargna-natives-olivenoel-extra\/"]}]},{"@type":"ImageObject","inLanguage":"de","@id":"https:\/\/videllebionatura.it\/de\/prodotto\/biologisches-monokultivar-gargna-natives-olivenoel-extra\/#primaryimage","url":"https:\/\/videllebionatura.it\/wp-content\/uploads\/2026\/07\/gargna.jpg","contentUrl":"https:\/\/videllebionatura.it\/wp-content\/uploads\/2026\/07\/gargna.jpg","width":800,"height":1230},{"@type":"BreadcrumbList","@id":"https:\/\/videllebionatura.it\/de\/prodotto\/biologisches-monokultivar-gargna-natives-olivenoel-extra\/#breadcrumb","itemListElement":[{"@type":"ListItem","position":1,"name":"Home","item":"https:\/\/videllebionatura.it\/de\/"},{"@type":"ListItem","position":2,"name":"Shop","item":"https:\/\/videllebionatura.it\/de\/negozio\/"},{"@type":"ListItem","position":3,"name":"Biologisches Monokultivar Gargn\u00e0 Natives Oliven\u00f6l Extra"}]},{"@type":"WebSite","@id":"https:\/\/videllebionatura.it\/de\/#website","url":"https:\/\/videllebionatura.it\/de\/","name":"Videlle","description":"","potentialAction":[{"@type":"SearchAction","target":{"@type":"EntryPoint","urlTemplate":"https:\/\/videllebionatura.it\/de\/?s={search_term_string}"},"query-input":{"@type":"PropertyValueSpecification","valueRequired":true,"valueName":"search_term_string"}}],"inLanguage":"de"}]}},"_links":{"self":[{"href":"https:\/\/videllebionatura.it\/de\/wp-json\/wp\/v2\/product\/6927","targetHints":{"allow":["GET"]}}],"collection":[{"href":"https:\/\/videllebionatura.it\/de\/wp-json\/wp\/v2\/product"}],"about":[{"href":"https:\/\/videllebionatura.it\/de\/wp-json\/wp\/v2\/types\/product"}],"version-history":[{"count":4,"href":"https:\/\/videllebionatura.it\/de\/wp-json\/wp\/v2\/product\/6927\/revisions"}],"predecessor-version":[{"id":8557,"href":"https:\/\/videllebionatura.it\/de\/wp-json\/wp\/v2\/product\/6927\/revisions\/8557"}],"wp:featuredmedia":[{"embeddable":true,"href":"https:\/\/videllebionatura.it\/de\/wp-json\/wp\/v2\/media\/8760"}],"wp:attachment":[{"href":"https:\/\/videllebionatura.it\/de\/wp-json\/wp\/v2\/media?parent=6927"}],"wp:term":[{"taxonomy":"product_brand","embeddable":true,"href":"https:\/\/videllebionatura.it\/de\/wp-json\/wp\/v2\/product_brand?post=6927"},{"taxonomy":"product_cat","embeddable":true,"href":"https:\/\/videllebionatura.it\/de\/wp-json\/wp\/v2\/product_cat?post=6927"},{"taxonomy":"product_tag","embeddable":true,"href":"https:\/\/videllebionatura.it\/de\/wp-json\/wp\/v2\/product_tag?post=6927"}],"curies":[{"name":"wp","href":"https:\/\/api.w.org\/{rel}","templated":true}]}}