{"id":6887,"date":"2025-06-07T16:47:48","date_gmt":"2025-06-07T16:47:48","guid":{"rendered":"https:\/\/videllebionatura.it\/prodotto\/bio-oel-mit-schwarzem-pfeffer-aromatisiert\/"},"modified":"2025-11-19T09:46:11","modified_gmt":"2025-11-19T09:46:11","slug":"bio-oel-mit-schwarzem-pfeffer-aromatisiert","status":"publish","type":"product","link":"https:\/\/videllebionatura.it\/de\/prodotto\/bio-oel-mit-schwarzem-pfeffer-aromatisiert\/","title":{"rendered":"Bio-\u00d6l mit schwarzem Pfeffer aromatisiert"},"content":{"rendered":"<table style=\"border-collapse: collapse; width: 100%;\">\n<thead>\n<tr>\n<th style=\"text-align: left; padding: 6px 0; font-weight: bold;\" colspan=\"2\">\nN\u00c4HRWERTDEKLARATION<br \/><span style=\"font-weight: normal;\">Durchschnittliche Werte pro 100 ml Produkt<\/span>\n<\/th>\n<\/tr>\n<\/thead>\n<tbody>\n<tr>\n<td style=\"width: 50%;\">Energie<\/td>\n<td style=\"width: 50%;\">824 kcal \/ 3389 kJ<\/td>\n<\/tr>\n<tr>\n<td style=\"width: 50%;\">Fett<\/td>\n<td style=\"width: 50%;\">91,6 g<\/td>\n<\/tr>\n<tr>\n<td style=\"padding-left: 20px; width: 50%;\">&#8211; davon ges\u00e4ttigte Fetts\u00e4uren<\/td>\n<td style=\"width: 50%;\">14,0 g<\/td>\n<\/tr>\n<tr>\n<td style=\"padding-left: 20px; width: 50%;\">&#8211; davon einfach unges\u00e4ttigte Fetts\u00e4uren<\/td>\n<td style=\"width: 50%;\">70,0 g<\/td>\n<\/tr>\n<tr>\n<td style=\"padding-left: 20px; width: 50%;\">&#8211; davon mehrfach unges\u00e4ttigte Fetts\u00e4uren<\/td>\n<td style=\"width: 50%;\">7,6 g<\/td>\n<\/tr>\n<tr>\n<td style=\"width: 50%;\">Kohlenhydrate<\/td>\n<td style=\"width: 50%;\">0,0 g<\/td>\n<\/tr>\n<tr>\n<td style=\"padding-left: 20px; width: 50%;\">&#8211; davon Zucker<\/td>\n<td style=\"width: 50%;\">0,0 g<\/td>\n<\/tr>\n<tr>\n<td style=\"width: 50%;\">Eiwei\u00df<\/td>\n<td style=\"width: 50%;\">0,0 g<\/td>\n<\/tr>\n<\/tbody>\n<\/table>\n","protected":false},"excerpt":{"rendered":"<p>Entdecken Sie die k\u00fchne Seite des Geschmacks mit unserem aromatisierten \u00d6l mit schwarzem Pfeffer, einer perfekten Verbindung zwischen der Ausgewogenheit des Cuv\u00e9e-\u00d6ls und dem stechenden Charakter des schwarzen Pfeffers.<\/p>\n<p>Dieses Elixier ist f\u00fcr mutige Gaumen gedacht, f\u00fcr diejenigen, die eine unverwechselbare Note in ihren Gerichten suchen. Das perfekt ausgewogene Cuv\u00e9e-\u00d6l vereint sich mit dem ausgepr\u00e4gten Geschmack von schwarzem Pfeffer und schafft eine Harmonie, die vor Intensit\u00e4t explodiert. Dieses \u00d6l wird roh verwendet und verleiht Gem\u00fcsesuppen, Carpaccio, hellem Fleisch und K\u00e4se Charakter und bietet jeder Speise eine neue Geschmacksdimension.  <\/p>\n<p>Dieses aromatisierte \u00d6l mit schwarzem Pfeffer ist Kennern au\u00dfergew\u00f6hnlicher Aromen vorbehalten und das geheime Element, um Ihre kulinarischen Kreationen zu verfeinern. Verleihen Sie Ihren Gerichten einen Hauch von K\u00fchnheit und entdecken Sie, wie der stechende Duft von schwarzem Pfeffer jeden Bissen in ein einzigartiges gastronomisches Erlebnis verwandeln kann. <\/p>\n[embed]https:\/\/youtu.be\/Obqf1zjDYUc[\/embed]\n","protected":false},"featured_media":8489,"template":"","meta":[],"product_brand":[],"product_cat":[173],"product_tag":[],"class_list":["post-6887","product","type-product","status-publish","has-post-thumbnail","product_cat-aromatisierte-ole","first","instock","taxable","shipping-taxable","purchasable","product-type-simple"],"yoast_head":"<!-- This site is optimized with the Yoast SEO plugin v28.3 - https:\/\/yoast.com\/product\/yoast-seo-wordpress\/ -->\n<title>Bio-\u00d6l mit schwarzem Pfeffer aromatisiert - Videlle<\/title>\n<meta name=\"robots\" content=\"index, follow, max-snippet:-1, max-image-preview:large, max-video-preview:-1\" \/>\n<link rel=\"canonical\" href=\"https:\/\/videllebionatura.it\/de\/prodotto\/bio-oel-mit-schwarzem-pfeffer-aromatisiert\/\" \/>\n<meta property=\"og:locale\" content=\"de_DE\" \/>\n<meta property=\"og:type\" content=\"article\" \/>\n<meta property=\"og:title\" content=\"Bio-\u00d6l mit schwarzem Pfeffer aromatisiert - Videlle\" \/>\n<meta property=\"og:description\" content=\"Entdecken Sie die k\u00fchne Seite des Geschmacks mit unserem aromatisierten \u00d6l mit schwarzem Pfeffer, einer perfekten Verbindung zwischen der Ausgewogenheit des Cuv\u00e9e-\u00d6ls und dem stechenden Charakter des schwarzen Pfeffers. Dieses Elixier ist f\u00fcr mutige Gaumen gedacht, f\u00fcr diejenigen, die eine unverwechselbare Note in ihren Gerichten suchen. Das perfekt ausgewogene Cuv\u00e9e-\u00d6l vereint sich mit dem ausgepr\u00e4gten Geschmack von schwarzem Pfeffer und schafft eine Harmonie, die vor Intensit\u00e4t explodiert. Dieses \u00d6l wird roh verwendet und verleiht Gem\u00fcsesuppen, Carpaccio, hellem Fleisch und K\u00e4se Charakter und bietet jeder Speise eine neue Geschmacksdimension.  Dieses aromatisierte \u00d6l mit schwarzem Pfeffer ist Kennern au\u00dfergew\u00f6hnlicher Aromen vorbehalten und das geheime Element, um Ihre kulinarischen Kreationen zu verfeinern. Verleihen Sie Ihren Gerichten einen Hauch von K\u00fchnheit und entdecken Sie, wie der stechende Duft von schwarzem Pfeffer jeden Bissen in ein einzigartiges gastronomisches Erlebnis verwandeln kann.\" \/>\n<meta property=\"og:url\" content=\"https:\/\/videllebionatura.it\/de\/prodotto\/bio-oel-mit-schwarzem-pfeffer-aromatisiert\/\" \/>\n<meta property=\"og:site_name\" content=\"Videlle\" \/>\n<meta property=\"article:modified_time\" content=\"2025-11-19T09:46:11+00:00\" \/>\n<meta property=\"og:image\" content=\"https:\/\/videllebionatura.it\/wp-content\/uploads\/2025\/06\/Condimento-Pepe-nero_fronte.jpg\" \/>\n\t<meta property=\"og:image:width\" content=\"800\" \/>\n\t<meta property=\"og:image:height\" content=\"1230\" \/>\n\t<meta property=\"og:image:type\" content=\"image\/jpeg\" \/>\n<meta name=\"twitter:card\" content=\"summary_large_image\" \/>\n<script type=\"application\/ld+json\" class=\"yoast-schema-graph\">{\"@context\":\"https:\\\/\\\/schema.org\",\"@graph\":[{\"@type\":\"WebPage\",\"@id\":\"https:\\\/\\\/videllebionatura.it\\\/de\\\/prodotto\\\/bio-oel-mit-schwarzem-pfeffer-aromatisiert\\\/\",\"url\":\"https:\\\/\\\/videllebionatura.it\\\/de\\\/prodotto\\\/bio-oel-mit-schwarzem-pfeffer-aromatisiert\\\/\",\"name\":\"Bio-\u00d6l mit schwarzem Pfeffer aromatisiert - Videlle\",\"isPartOf\":{\"@id\":\"https:\\\/\\\/videllebionatura.it\\\/de\\\/#website\"},\"primaryImageOfPage\":{\"@id\":\"https:\\\/\\\/videllebionatura.it\\\/de\\\/prodotto\\\/bio-oel-mit-schwarzem-pfeffer-aromatisiert\\\/#primaryimage\"},\"image\":{\"@id\":\"https:\\\/\\\/videllebionatura.it\\\/de\\\/prodotto\\\/bio-oel-mit-schwarzem-pfeffer-aromatisiert\\\/#primaryimage\"},\"thumbnailUrl\":\"https:\\\/\\\/videllebionatura.it\\\/wp-content\\\/uploads\\\/2026\\\/06\\\/1-7.jpg\",\"datePublished\":\"2025-06-07T16:47:48+00:00\",\"dateModified\":\"2025-11-19T09:46:11+00:00\",\"breadcrumb\":{\"@id\":\"https:\\\/\\\/videllebionatura.it\\\/de\\\/prodotto\\\/bio-oel-mit-schwarzem-pfeffer-aromatisiert\\\/#breadcrumb\"},\"inLanguage\":\"de\",\"potentialAction\":[{\"@type\":\"ReadAction\",\"target\":[\"https:\\\/\\\/videllebionatura.it\\\/de\\\/prodotto\\\/bio-oel-mit-schwarzem-pfeffer-aromatisiert\\\/\"]}]},{\"@type\":\"ImageObject\",\"inLanguage\":\"de\",\"@id\":\"https:\\\/\\\/videllebionatura.it\\\/de\\\/prodotto\\\/bio-oel-mit-schwarzem-pfeffer-aromatisiert\\\/#primaryimage\",\"url\":\"https:\\\/\\\/videllebionatura.it\\\/wp-content\\\/uploads\\\/2026\\\/06\\\/1-7.jpg\",\"contentUrl\":\"https:\\\/\\\/videllebionatura.it\\\/wp-content\\\/uploads\\\/2026\\\/06\\\/1-7.jpg\",\"width\":800,\"height\":1230},{\"@type\":\"BreadcrumbList\",\"@id\":\"https:\\\/\\\/videllebionatura.it\\\/de\\\/prodotto\\\/bio-oel-mit-schwarzem-pfeffer-aromatisiert\\\/#breadcrumb\",\"itemListElement\":[{\"@type\":\"ListItem\",\"position\":1,\"name\":\"Home\",\"item\":\"https:\\\/\\\/videllebionatura.it\\\/de\\\/\"},{\"@type\":\"ListItem\",\"position\":2,\"name\":\"Shop\",\"item\":\"https:\\\/\\\/videllebionatura.it\\\/de\\\/negozio\\\/\"},{\"@type\":\"ListItem\",\"position\":3,\"name\":\"Bio-\u00d6l mit schwarzem Pfeffer aromatisiert\"}]},{\"@type\":\"WebSite\",\"@id\":\"https:\\\/\\\/videllebionatura.it\\\/de\\\/#website\",\"url\":\"https:\\\/\\\/videllebionatura.it\\\/de\\\/\",\"name\":\"Videlle\",\"description\":\"\",\"potentialAction\":[{\"@type\":\"SearchAction\",\"target\":{\"@type\":\"EntryPoint\",\"urlTemplate\":\"https:\\\/\\\/videllebionatura.it\\\/de\\\/?s={search_term_string}\"},\"query-input\":{\"@type\":\"PropertyValueSpecification\",\"valueRequired\":true,\"valueName\":\"search_term_string\"}}],\"inLanguage\":\"de\"}]}<\/script>\n<!-- \/ Yoast SEO plugin. -->","yoast_head_json":{"title":"Bio-\u00d6l mit schwarzem Pfeffer aromatisiert - Videlle","robots":{"index":"index","follow":"follow","max-snippet":"max-snippet:-1","max-image-preview":"max-image-preview:large","max-video-preview":"max-video-preview:-1"},"canonical":"https:\/\/videllebionatura.it\/de\/prodotto\/bio-oel-mit-schwarzem-pfeffer-aromatisiert\/","og_locale":"de_DE","og_type":"article","og_title":"Bio-\u00d6l mit schwarzem Pfeffer aromatisiert - Videlle","og_description":"Entdecken Sie die k\u00fchne Seite des Geschmacks mit unserem aromatisierten \u00d6l mit schwarzem Pfeffer, einer perfekten Verbindung zwischen der Ausgewogenheit des Cuv\u00e9e-\u00d6ls und dem stechenden Charakter des schwarzen Pfeffers. Dieses Elixier ist f\u00fcr mutige Gaumen gedacht, f\u00fcr diejenigen, die eine unverwechselbare Note in ihren Gerichten suchen. Das perfekt ausgewogene Cuv\u00e9e-\u00d6l vereint sich mit dem ausgepr\u00e4gten Geschmack von schwarzem Pfeffer und schafft eine Harmonie, die vor Intensit\u00e4t explodiert. Dieses \u00d6l wird roh verwendet und verleiht Gem\u00fcsesuppen, Carpaccio, hellem Fleisch und K\u00e4se Charakter und bietet jeder Speise eine neue Geschmacksdimension.  Dieses aromatisierte \u00d6l mit schwarzem Pfeffer ist Kennern au\u00dfergew\u00f6hnlicher Aromen vorbehalten und das geheime Element, um Ihre kulinarischen Kreationen zu verfeinern. Verleihen Sie Ihren Gerichten einen Hauch von K\u00fchnheit und entdecken Sie, wie der stechende Duft von schwarzem Pfeffer jeden Bissen in ein einzigartiges gastronomisches Erlebnis verwandeln kann.","og_url":"https:\/\/videllebionatura.it\/de\/prodotto\/bio-oel-mit-schwarzem-pfeffer-aromatisiert\/","og_site_name":"Videlle","article_modified_time":"2025-11-19T09:46:11+00:00","og_image":[{"width":800,"height":1230,"url":"https:\/\/videllebionatura.it\/wp-content\/uploads\/2025\/06\/Condimento-Pepe-nero_fronte.jpg","type":"image\/jpeg"}],"twitter_card":"summary_large_image","schema":{"@context":"https:\/\/schema.org","@graph":[{"@type":"WebPage","@id":"https:\/\/videllebionatura.it\/de\/prodotto\/bio-oel-mit-schwarzem-pfeffer-aromatisiert\/","url":"https:\/\/videllebionatura.it\/de\/prodotto\/bio-oel-mit-schwarzem-pfeffer-aromatisiert\/","name":"Bio-\u00d6l mit schwarzem Pfeffer aromatisiert - Videlle","isPartOf":{"@id":"https:\/\/videllebionatura.it\/de\/#website"},"primaryImageOfPage":{"@id":"https:\/\/videllebionatura.it\/de\/prodotto\/bio-oel-mit-schwarzem-pfeffer-aromatisiert\/#primaryimage"},"image":{"@id":"https:\/\/videllebionatura.it\/de\/prodotto\/bio-oel-mit-schwarzem-pfeffer-aromatisiert\/#primaryimage"},"thumbnailUrl":"https:\/\/videllebionatura.it\/wp-content\/uploads\/2026\/06\/1-7.jpg","datePublished":"2025-06-07T16:47:48+00:00","dateModified":"2025-11-19T09:46:11+00:00","breadcrumb":{"@id":"https:\/\/videllebionatura.it\/de\/prodotto\/bio-oel-mit-schwarzem-pfeffer-aromatisiert\/#breadcrumb"},"inLanguage":"de","potentialAction":[{"@type":"ReadAction","target":["https:\/\/videllebionatura.it\/de\/prodotto\/bio-oel-mit-schwarzem-pfeffer-aromatisiert\/"]}]},{"@type":"ImageObject","inLanguage":"de","@id":"https:\/\/videllebionatura.it\/de\/prodotto\/bio-oel-mit-schwarzem-pfeffer-aromatisiert\/#primaryimage","url":"https:\/\/videllebionatura.it\/wp-content\/uploads\/2026\/06\/1-7.jpg","contentUrl":"https:\/\/videllebionatura.it\/wp-content\/uploads\/2026\/06\/1-7.jpg","width":800,"height":1230},{"@type":"BreadcrumbList","@id":"https:\/\/videllebionatura.it\/de\/prodotto\/bio-oel-mit-schwarzem-pfeffer-aromatisiert\/#breadcrumb","itemListElement":[{"@type":"ListItem","position":1,"name":"Home","item":"https:\/\/videllebionatura.it\/de\/"},{"@type":"ListItem","position":2,"name":"Shop","item":"https:\/\/videllebionatura.it\/de\/negozio\/"},{"@type":"ListItem","position":3,"name":"Bio-\u00d6l mit schwarzem Pfeffer aromatisiert"}]},{"@type":"WebSite","@id":"https:\/\/videllebionatura.it\/de\/#website","url":"https:\/\/videllebionatura.it\/de\/","name":"Videlle","description":"","potentialAction":[{"@type":"SearchAction","target":{"@type":"EntryPoint","urlTemplate":"https:\/\/videllebionatura.it\/de\/?s={search_term_string}"},"query-input":{"@type":"PropertyValueSpecification","valueRequired":true,"valueName":"search_term_string"}}],"inLanguage":"de"}]}},"_links":{"self":[{"href":"https:\/\/videllebionatura.it\/de\/wp-json\/wp\/v2\/product\/6887","targetHints":{"allow":["GET"]}}],"collection":[{"href":"https:\/\/videllebionatura.it\/de\/wp-json\/wp\/v2\/product"}],"about":[{"href":"https:\/\/videllebionatura.it\/de\/wp-json\/wp\/v2\/types\/product"}],"version-history":[{"count":1,"href":"https:\/\/videllebionatura.it\/de\/wp-json\/wp\/v2\/product\/6887\/revisions"}],"predecessor-version":[{"id":7193,"href":"https:\/\/videllebionatura.it\/de\/wp-json\/wp\/v2\/product\/6887\/revisions\/7193"}],"wp:featuredmedia":[{"embeddable":true,"href":"https:\/\/videllebionatura.it\/de\/wp-json\/wp\/v2\/media\/8489"}],"wp:attachment":[{"href":"https:\/\/videllebionatura.it\/de\/wp-json\/wp\/v2\/media?parent=6887"}],"wp:term":[{"taxonomy":"product_brand","embeddable":true,"href":"https:\/\/videllebionatura.it\/de\/wp-json\/wp\/v2\/product_brand?post=6887"},{"taxonomy":"product_cat","embeddable":true,"href":"https:\/\/videllebionatura.it\/de\/wp-json\/wp\/v2\/product_cat?post=6887"},{"taxonomy":"product_tag","embeddable":true,"href":"https:\/\/videllebionatura.it\/de\/wp-json\/wp\/v2\/product_tag?post=6887"}],"curies":[{"name":"wp","href":"https:\/\/api.w.org\/{rel}","templated":true}]}}